{"id":1451,"date":"2020-03-05T10:09:45","date_gmt":"2020-03-05T09:09:45","guid":{"rendered":"https:\/\/www.mieludo.com\/?page_id=1451"},"modified":"2020-03-05T12:40:03","modified_gmt":"2020-03-05T11:40:03","slug":"avis-legal","status":"publish","type":"page","link":"https:\/\/www.mieludo.com\/ca\/avis-legal\/","title":{"rendered":"Av\u00eds Legal"},"content":{"rendered":"<div class=\"fusion-fullwidth fullwidth-box fusion-builder-row-1 nonhundred-percent-fullwidth non-hundred-percent-height-scrolling\" style=\"--awb-border-radius-top-left:0px;--awb-border-radius-top-right:0px;--awb-border-radius-bottom-right:0px;--awb-border-radius-bottom-left:0px;--awb-flex-wrap:wrap;\" ><div class=\"fusion-builder-row fusion-row\"><div class=\"fusion-layout-column fusion_builder_column fusion-builder-column-0 fusion_builder_column_1_1 1_1 fusion-one-full fusion-column-first fusion-column-last\" style=\"--awb-bg-size:cover;--awb-margin-top:0px;--awb-margin-bottom:0px;\"><div class=\"fusion-column-wrapper fusion-flex-column-wrapper-legacy\"><div class=\"fusion-text fusion-text-1\"><div class=\"page_title_ctn\">\n<div class=\"wrapper table_wrapper\">\n<p>AV\u00cdS LEGAL<\/p>\n<p>Termes i Condicions d&#8217;\u00das<\/p>\n<p>Introducci\u00f3.<\/p>\n<p>1.1. Gr\u00e0cies per triar Mieludo. Mitjan\u00e7ant l&#8217;\u00fas i l&#8217;acc\u00e9s a aquest lloc web i a les adreces URL derivades de www.mieludo.com (d&#8217;ara endavant els llocs web), vost\u00e8 atorga un contracte vinculant amb la nostra societat, el seu contracte amb nosaltres inclou la seva acceptaci\u00f3 a aquests \u201cTermes i Condicions d&#8217;\u00das\u201d i a la nostra \u201cPol\u00edtica de Privacitat\u201d. Si no estigu\u00e9s d&#8217;acord amb qualsevol dels termes, si us plau, li convidem al fet que abandoni els llocs web.<\/p>\n<p>1.2. Els llocs web s\u00f3n titularitat de GRUP DE DISTRIBUCI\u00d3 COSTA BRAVA SA (d&#8217;ara endavant CAF\u00c9 CREM), la ra\u00f3 social del qual \u00e9s GRUP DE DISTRIBUCI\u00d3 COSTA BRAVA SA, amb seu social en el Pol\u00edgon Industrial Bosc de Can Cuca, Carrer Tallers, 18, 17410-Sils-Girona, amb CIF A17435827. Inscrita en el Registre Mercantil en el Tom 2651, Foli 140, fulla Registral GI-153 i correu electr\u00f2nic: info@cafecrem.com<\/p>\n<p>1.3. CAF\u00c9 CREM t&#8217;indica que \u00e9s obligaci\u00f3 de l&#8217;usuari llegir les presents condicions d&#8217;\u00fas dels llocs web, considerant-se vigents i per tant aplicables, recomanant als usuaris imprimir o guardar una c\u00f2pia dels presents \u201cTermes i condicions d&#8217;\u00fas\u201d per a posteriorment tenir coneixement d&#8217;aquestes, si b\u00e9 les mateixes estaran en tot moment disponibles en la p\u00e0gina web (www.mieludo.com). Totes les condicions poden ser emmagatzemades i reprodu\u00efdes pels usuaris\/clients a trav\u00e9s de qualsevol eina dels processadors de text convencionals en el mercat.<\/p>\n<p>1.4. Per a poder usar i navegar els llocs web de Conversia, l&#8217;Usuari ha de tenir (a) 18 anys o m\u00e9s, o tenir 14 i comptar amb el consentiment patern o del seu tutor a aquests termes, (b) tenir capacitat per a atorgar un contracte vinculant amb nosaltres i que cap llei aplicable el prohibeixi, i (c) ser resident a Espanya. L&#8217;Usuari tamb\u00e9 garanteix que tota informaci\u00f3 que proporcioni a CAF\u00c9 CREM sigui vera\u00e7, precisa i completa, i accepta que aix\u00ed sigui en tot moment.<\/p>\n<p>Objecte<\/p>\n<p>2.1. \u00c9s objecte dels presents termes d&#8217;\u00fas la navegaci\u00f3, acc\u00e9s i \u00fas del portal i de la seva informaci\u00f3 (Browsing, \u00e9s a dir el llambregar un espai amb el prop\u00f2sit de recon\u00e8ixer objectes en ell), aquesta conducta f\u00e0ctica suposa l&#8217;acceptaci\u00f3 jur\u00eddica autom\u00e0tica i sense cap modificaci\u00f3, dels termes, condicions i advertiments recollits en el present text. Les conductes descrites confereixen la condici\u00f3 d&#8217;usuari sense necessitat de signatura convencional per part de l&#8217;usuari, quant als termes aqu\u00ed establerts sense perjudici de l&#8217;aplicaci\u00f3 de les corresponents normatives d&#8217;obligat compliment. \u00c9s obligaci\u00f3 de CAF\u00c9 CREM advertir que si l&#8217;usuari estigu\u00e9s en desacord amb els termes presents en aquest document, l&#8217;usuari haur\u00e0 d&#8217;abstenir-se d&#8217;accedir als llocs web, per la qual cosa CAF\u00c9 CREM li convida immediatament a abandonar aquest lloc web si est\u00e0 conforme a citat advertiment.<\/p>\n<p>2.2. L&#8217;Usuari es declara com una persona f\u00edsica o jur\u00eddica, CAF\u00c9 CREM declara, i l&#8217;usuari reconeix, que CAF\u00c9 CREM proporciona gran diversitat d&#8217;informaci\u00f3, serveis i dades, assumint l&#8217;usuari la seva responsabilitat en l&#8217;\u00fas correcte dels llocs web. Aquesta responsabilitat s&#8217;estendr\u00e0 a tots aquells usos i pr\u00e0ctiques que realitzi l&#8217;usuari dins dels llocs web, aix\u00ed com l&#8217;\u00fas de la informaci\u00f3, serveis i dades ofertes per CAF\u00c9 CREM.<\/p>\n<p>Directrius de l&#8217;Usuari<\/p>\n<p>3.1. Directrius d&#8217;acc\u00e9s als llocs web<\/p>\n<p>3.1.1. Per a accedir als llocs web, l&#8217;usuari ha de comptar amb un acc\u00e9s i connexi\u00f3 a la Xarxa Internet, abonar les tarifes d&#8217;acc\u00e9s, tenir l&#8217;equip\/dispositiu i els sistemes electr\u00f2nics necessaris per a realitzar la connexi\u00f3 a la xarxa, incloent un terminal que sigui adequat a aquest efecte (ordinador, tel\u00e8fon, Tauleta, etc \u2026 ) i un m\u00f2dem o un altre dispositiu d&#8217;acc\u00e9s an\u00e0leg o similar.<\/p>\n<p>3.1.2. L&#8217;usuari coneix que el correcte acc\u00e9s i \u00fas de determinats continguts i serveis dels llocs web, pot implicar la desc\u00e0rrega en els seus dispositius inform\u00e0tics de determinats programes d&#8217;ordinador o altres elements l\u00f2gics. L&#8217;usuari \u00e9s l&#8217;\u00fanic responsable per la instal\u00b7laci\u00f3 de citats elements, declinant CAF\u00c9 CREM qualsevol tipus de responsabilitat que d&#8217;aix\u00f2 pogu\u00e9s derivar.<\/p>\n<p>3.2. Directrius d&#8217;utilitzaci\u00f3 dels llocs web per l&#8217;usuari.<\/p>\n<p>3.2.1. L&#8217;usuari s&#8217;obliga a dur a terme una utilitzaci\u00f3 dels llocs web, les seves condicions, serveis que es poguessin oferir, continguts de conformitat amb la Llei, la Moral, els bons Costums i l&#8217;ordre p\u00fablic, no utilitzant-lo contr\u00e0riament als continguts presents en aquest text, de manera lesiva per a CAF\u00c9 CREM o tercers, o que de qualsevol forma pugui danyar, inutilitzar o deteriorar els llocs web o els seus serveis, o impedir un normal gaudi dels llocs web per altres usuaris.<\/p>\n<p>3.2.2. L&#8217;usuari abstindr\u00e0 de realitzar accions que danyin, interrompin o generin errors en els sistemes de CAF\u00c9 CREM, aix\u00ed com introduir programes, virus, macros, miniaplicacions, controls ActiveX o qualsevol altre dispositiu l\u00f2gic o seq\u00fc\u00e8ncia de car\u00e0cters que causin o siguin susceptibles de causar qualsevol tipus d&#8217;alteraci\u00f3 en els sistemes inform\u00e0tics.<\/p>\n<p>3.2.3. CAF\u00c9 CREM es reserva el dret a denegar o retirar l&#8217;acc\u00e9s als llocs web i\/o als Serveis, en qualsevol moment i sense necessitat de previ av\u00eds a aquells usuaris que incompleixin els termes i condicions d&#8217;\u00fas.<\/p>\n<p>3.3. Limitaci\u00f3 de responsabilitat de CAF\u00c9 CREM per l&#8217;\u00fas dels llocs web.<\/p>\n<p>3.3.1. Els llocs web poden albergar continguts publicitaris o estar patrocinats. Els anunciants i patrocinadors s\u00f3n els \u00fanics responsables d&#8217;assegurar-se que el material rem\u00e8s, per a la seva inclusi\u00f3 en els llocs web, compleix amb les lleis que en cada cas puguin ser aplicable. CAF\u00c9 CREM no ser\u00e0 responsable de qualsevol error, inexactitud o irregularitat que puguin contenir els continguts publicitaris o dels patrocinadors.<\/p>\n<p>3.3.2. CAF\u00c9 CREM fa tots els esfor\u00e7os necessaris per a oferir la informaci\u00f3 continguda en els llocs web de manera vera\u00e7 i sense errors tipogr\u00e0fics. En el cas que en algun moment es produ\u00eds algun error d&#8217;aquest tipus, ali\u00e8 en tot moment a la voluntat de CAF\u00c9 CREM, es procediria a l&#8217;esmena de l&#8217;errata al m\u00e9s aviat possible i es facilitar\u00e0 a l&#8217;usuari la informaci\u00f3 i opcions establertes en la legislaci\u00f3 vigent.<\/p>\n<p>3.3.3. CAF\u00c9 CREM no ser\u00e0 responsable enfront de l&#8217;usuari, com a:<\/p>\n<p>\u2013 l&#8217;efic\u00e0cia en la connexi\u00f3 aix\u00ed com la velocitat d&#8217;acc\u00e9s als llocs web per l&#8217;usuari. Les interfer\u00e8ncies, omissions, interrupcions, virus inform\u00e0tics, avaries telef\u00f2niques o desconnexions en el funcionament operatiu del sistema electr\u00f2nic per causes alienes a CAF\u00c9 CREM.<\/p>\n<p>\u2013 la informaci\u00f3 introdu\u00efda per usuaris i terceres persones, alienes a CAF\u00c9 CREM i amb els quals no es mantingui cap mena d&#8217;acord ni col\u00b7laboraci\u00f3 contractual.<\/p>\n<p>Pol\u00edtica d&#8217;enlla\u00e7os i exempcions de responsabilitat<\/p>\n<p>4.1. CAF\u00c9 CREM no es fa responsable del contingut de les p\u00e0gines web a les quals l&#8217;usuari pugui accedir a trav\u00e9s dels enlla\u00e7os establerts en la plataforma i declara que en cap cas procedir\u00e0 a examinar o exercitar cap mena de control sobre el contingut d&#8217;altres p\u00e0gines de la xarxa. Aix\u00ed mateix, tampoc garantir\u00e0 la disponibilitat t\u00e8cnica, exactitud, veracitat, validesa o legalitat de p\u00e0gines alienes a la seva propietat a les quals es pugui accedir per mitj\u00e0 dels enlla\u00e7os.<\/p>\n<p>4.2. CAF\u00c9 CREM declara haver adoptat totes les mesures necess\u00e0ries per a evitar qualsevol mal que, als usuaris dels seus llocs webs, poguessin derivar-se de la navegaci\u00f3 per internet o pogu\u00e9s sofrir l&#8217;usuari.<\/p>\n<p>Vig\u00e8ncia del present text<\/p>\n<p>5.1. CAF\u00c9 CREM es reserva el dret a realitzar les modificacions que consideri oportunes, sense av\u00eds previ, en el contingut del lloc web. Tant referent als continguts dels llocs, com en les condicions d&#8217;\u00fas de les mateixos. Aquestes modificacions podran realitzar-se, a trav\u00e9s del lloc web, per qualsevol forma admissible en dret i seran d&#8217;obligat compliment durant el temps en qu\u00e8 exclusivament es trobin publicades i a disposici\u00f3 en els llocs web i fins que no siguin modificades per altres posteriors.<\/p>\n<p>5.2. CAF\u00c9 CREM es reserva el dret a actualitzar l&#8217;\u00fas, termes i condicions aplicables als llocs web. Sent sempre d&#8217;aplicaci\u00f3, en benefici de l&#8217;usuari, els vigents en el moment en qu\u00e8 accedeixi al lloc web, aix\u00ed com els vigents a data de la possible sol\u00b7licitud de serveis, si fos aquest el cas. L&#8217;actualitzaci\u00f3 es pre-avisar\u00e0 a trav\u00e9s del lloc web, que s&#8217;obrir\u00e0 en accedir a la p\u00e0gina amb una antelaci\u00f3 m\u00ednima de 15 dies.<\/p>\n<p>Propietat intel\u00b7lectual i industrial<\/p>\n<p>6.1. Tots els textos, imatges, continguts, logos, marques registrades o no, aix\u00ed com els mitjans i formes de presentaci\u00f3 i muntatge dels llocs web, s\u00f3n titularitat origin\u00e0ria o derivativament de CAF\u00c9 CREM. Conseq\u00fcentment s\u00f3n obres o continguts protegits com a propietat intel\u00b7lectual i\/o propietat industrial per l&#8217;ordenament jur\u00eddic espanyol conforme al Reial decret legislatiu 1\/1996, de 12 d&#8217;abril pel que s&#8217;aprova el Testo Ref\u00f3s de la Llei de Propietat intel\u00b7lectual i per la Llei 17\/2001, de 7 de desembre, sent-los a m\u00e9s aplicables tant la normativa espanyola af\u00ed i comunit\u00e0ria en els citats camps, com els tractats internacionals relatius a la mat\u00e8ria i subscrits per Espanya.<\/p>\n<p>6.2. Tots els drets sobre els continguts, estan reservats quedant prohibida expressament la reproducci\u00f3, distribuci\u00f3, comunicaci\u00f3 p\u00fablica, transformaci\u00f3 i\/o qualsevol modalitat d&#8217;\u00fas, de la totalitat o part dels continguts dels llocs web sense el consentiment expr\u00e9s de CAF\u00c9 CREM.<\/p>\n<p>Legislaci\u00f3 aplicable i jurisdicci\u00f3<\/p>\n<p>7.1. CAF\u00c9 CREM es reserva aix\u00ed mateix la facultat de presentar les accions civils o penals que consideri oportunes per la utilitzaci\u00f3 indeguda de les seves p\u00e0gines web i continguts, o per l&#8217;incompliment de les presents condicions.<\/p>\n<p>7.2. Les parts acorden, de les seves lliures voluntats que la relaci\u00f3 entre l&#8217;usuari i CAF\u00c9 CREM (GRUP DE DISTRIBUCI\u00d3 COSTA BRAVA SA) es regir\u00e0 per la normativa espanyola vigent i seran competents per a decidir sobre qualsevol controv\u00e8rsia que es pogu\u00e9s suscitar entre l&#8217;usuari i CAF\u00c8 CREM. Els jutjats o tribunals de la localitat de Girona.<\/p>\n<p>Sils (Girona), a 27 de Juliol de 2015.<\/p>\n<p>POL\u00cdTICA DE PRIVACITAT.<\/p>\n<p>Per mitj\u00e0 d&#8217;aquest lloc web, es recullen dades de car\u00e0cter personal necessaris per a la gesti\u00f3 i manteniment d&#8217;alguns dels nostres serveis.<\/p>\n<p>L&#8217;informem que Caf\u00e9Crem, \u00e9s a dir, GRUP DE DISTRIBUCI\u00d3 COSTA BRAVA SA compleix amb la Llei org\u00e0nica 3\/2018, de 5 de desembre, de Protecci\u00f3 de Dades de Car\u00e0cter Personal (d&#8217;ara endavant, LOPD), el Reglament UE 2016\/679, de Protecci\u00f3 de Dades (d&#8217;ara endavant, RGPD) i altra normativa vigent i d&#8217;aplicaci\u00f3 a cada moment, vetllant per garantir un correcte \u00fas i tractament de les dades personals de l&#8217;usuari.<\/p>\n<p>De conformitat amb l&#8217;article 13 del RGPD i article 11 LOPD, aquesta Pol\u00edtica de Privacitat s&#8217;aplica als tractaments de dades de car\u00e0cter personal que GRUP DE DISTRIBUCI\u00d3 COSTA BRAVA SA, realitza com a Responsable del tractament, en relaci\u00f3 amb les dades que els usuaris i\/o clients (persones f\u00edsiques) faciliten com a conseq\u00fc\u00e8ncia de la sol\u00b7licitud d&#8217;informaci\u00f3 i\/o contractaci\u00f3 dels serveis i\/o productes que presta i comercialitza a trav\u00e9s del seu web, o recaptats en qualsevol de les seccions del lloc web.<\/p>\n<p>IDENTITAT DEL RESPONSABLE DEL TRACTAMENT DE LES SEVES DADES PERSONALS<\/p>\n<p>Responsable del tractament: GRUP DE DISTRIBUCI\u00d3 COSTA BRAVA SA.<br \/>\nDomicili: POL. IND. BOSC DE CAN CUCA. C\/ TALLERS 18<br \/>\nCIF: A17435827<br \/>\nEmail: GRUPCOSTABRAVA@GRUPCOSTABRAVA.COM<\/p>\n<p>FINALITATS DEL TRACTAMENT DE LES SEVES DADES PERSONALS<\/p>\n<p>Les seves dades personals s&#8217;utilitzaran amb la finalitat gen\u00e8rica de la gesti\u00f3 i control de la relaci\u00f3 comercial establerta i, espec\u00edficament per a:<\/p>\n<p>Gestionar l&#8217;acc\u00e9s complet i la utilitzaci\u00f3 correcta dels serveis i\/o productes per part dels usuaris.<br \/>\nPer a comunicar amb els usuaris en resposta a incid\u00e8ncies, sol\u00b7licituts, comentaris i preguntes que ens realitzi a trav\u00e9s dels serveis i\/o productes, aix\u00ed com als formularis de contacte de la nostra p\u00e0gina web (inclosos, correus electr\u00f2nics i\/o les trucades telef\u00f2niques).<br \/>\nPer a proporcionar, actualitzar, mantenir i protegir els serveis i\/o productes i activitats.<br \/>\nPer a oferir nous serveis i\/o productes, ofertes especials o actualitzacions.<br \/>\nEn el seu cas, gestionar processos de selecci\u00f3 de personal en processos selectius de treballadors i\/o col\u00b7laboradors.<br \/>\nComunicacions: Podrem enviar-li correus electr\u00f2nics, missatges i altres tipus de comunicaci\u00f3 en refer\u00e8ncia als serveis i\/o productes, q\u00fcestions t\u00e8cniques i canvis en aquests. Aquestes comunicacions es consideren part dels serveis i\/o productes i no pot renunciar a elles.<br \/>\nEn el seu cas, comunicacions comercials (M\u00e0rqueting): Podrem utilitzar les seves dades per a contactar-li, tant per via electr\u00f2nica com no electr\u00f2nica, per a realitzar enquestes, obtenir la seva opini\u00f3 sobre el servei prestat, i, ocasionalment, per a notificar-li canvis, desenvolupaments importants dels serveis i\/o productes, ofertes i\/o promocions dels nostres serveis i\/o productes o de terceres empreses relacionades amb nosaltres. Aquestes ofertes comercials seran, en tot cas, autoritzades de manera expressa i separada per l&#8217;usuari que, pot revocar en qualsevol moment el seu consentiment a rebre aquestes notificacions utilitzant el mecanisme implementat a aquest efecte en aquestes, o b\u00e9, des de les prefer\u00e8ncies del compte de client.<\/p>\n<p>No tractarem les seves dades personals per a cap altra finalitat m\u00e9s enll\u00e0 de les descrites anteriorment tret que vingui imposat per llei o existeixi algun requeriment judicial.<\/p>\n<p>TERMINI DE CONSERVACI\u00d3<\/p>\n<p>Les dades personals proporcionades es conservaran i tractaran mentre es mantingui la relaci\u00f3 de prestaci\u00f3 de serveis i\/o productes, sense perjudici de la possibilitat d&#8217;exercitar els seus drets en mat\u00e8ria de protecci\u00f3 de dades (acc\u00e9s, rectificaci\u00f3, supressi\u00f3, oposici\u00f3, limitaci\u00f3, portabilitat i a no ser objecte de decisions individuals automatitzades).<\/p>\n<p>Les dades personals de les persones interessades en la recepci\u00f3 d&#8217;informaci\u00f3 sobre els serveis i\/o productes es mantindran en el sistema de manera indefinida en tant l&#8217;interessat no sol\u00b7liciti la seva supressi\u00f3.<\/p>\n<p>LEGITIMACI\u00d3 DEL TRACTAMENT<\/p>\n<p>GRUP DE DISTRIBUCI\u00d3 COSTA BRAVA SA tracta les seves dades personals d&#8217;acord amb les dues seg\u00fcents bases legals: Consentiment de l&#8217;interessat (1) i l&#8217;inter\u00e8s leg\u00edtim (2).<\/p>\n<p>El consentiment de l&#8217;interessat prestat per a les finalitats anteriorment descrites, que se sol\u00b7licitar\u00e0:<\/p>\n<p>Abans de conducta a tractar les seves dades,<br \/>\nEn el proc\u00e9s de registre com a client o,<br \/>\nEn el moment d&#8217;enviar comunicacions de GRUP DE DISTRIBUCI\u00d3 COSTA BRAVA SA.<\/p>\n<p>Les sol\u00b7licituds d&#8217;informaci\u00f3 que ens faci arribar requereixen que l&#8217;interessat ens faciliti de manera volunt\u00e0ria les dades necess\u00e0ries per a poder atendre-li o prestar-li els serveis i\/o productes. No obstant aix\u00f2, l&#8217;interessat pot lliurement negar-se a facilitar-nos aquestes dades o, posteriorment, revocar el consentiment pr\u00e8viament atorgat per a tractar les seves dades, si b\u00e9 aquesta negativa implicar\u00e0 la impossibilitat que puguem atendre la seva petici\u00f3.<\/p>\n<p>L&#8217;Inter\u00e8s leg\u00edtim de GRUP DE DISTRIBUCI\u00d3 COSTA BRAVA SA. a mantenir i fidelitzar als seus clients i\/o usuaris i atendre millor les seves expectatives o interessos pr\u00e8viament manifestats. Ex.: millorar productes, gestionar sol\u00b7licituts, consultes o reclamacions, oferir productes similars als contractats, informar sobre promocions etc. Sense perjudici del compliment per part de GRUP DE DISTRIBUCI\u00d3 COSTA BRAVA SA de la resta d&#8217;obligacions relatives a l&#8217;enviament de comunicacions comercials per via electr\u00f2nica.<\/p>\n<p>GRUP DE DISTRIBUCI\u00d3 COSTA BRAVA SA ent\u00e9n que, en facilitar-nos aquestes dades, l&#8217;interessat garanteix i es fa responsable de la veracitat, actualitat i exactitud dels mateixos i que accepta i consent expressament en el seu tractament per a les finalitats abans descrites.<\/p>\n<p>DESTINATARIS DE CESSIONS O TRANSFER\u00c8NCIES.<\/p>\n<p>Amb car\u00e0cter general, GRUP DE DISTRIBUCI\u00d3 COSTA BRAVA SA no cedir\u00e0 les seves dades personals a tercers tret que estiguem obligats legalment a aix\u00f2 o vost\u00e8 ens ho hagi autoritzat expressament en fer \u00fas dels nostres serveis i\/o productes.<\/p>\n<p>DRETS DE LES PERSONES INTERESSADES.<\/p>\n<p>La normativa de protecci\u00f3 de dades permet que puguis exercir davant el responsable del tractament els teus drets d&#8217;acc\u00e9s, rectificaci\u00f3, oposici\u00f3, supressi\u00f3 (\u201cdret a l&#8217;oblit\u201d), limitaci\u00f3 del tractament, portabilitat i de no ser objecte de decisions individualitzades:<\/p>\n<p>Dret d&#8217;acc\u00e9s: Permet a l&#8217;interessat con\u00e8ixer i obtenir informaci\u00f3 sobre les seves dades de car\u00e0cter personal sotmesos a tractament.<br \/>\nDret de rectificaci\u00f3: Permet corregir errors, modificar les dades que resultin ser inexactes o incomplets i garantir la certesa de les seves dades personals.<br \/>\nDret de supressi\u00f3: Permet sol\u00b7licitar l&#8217;eliminaci\u00f3 de les seves dades personals quan ja no siguin necessaris per a l&#8217;execuci\u00f3 o prestaci\u00f3 del servei.<br \/>\nDret d&#8217;oposici\u00f3: Permet a l&#8217;interessat que no es dugui a terme el tractament de les seves dades de car\u00e0cter personal o el seu cessament, excepte motius leg\u00edtims o per a l&#8217;exercici o defensa de possibles reclamacions, i en aquest cas els mantindrem bloquejats durant el termini corresponent.<br \/>\nDret d&#8217;oposici\u00f3 a l&#8217;enviament de publicitat: Els interessats podran oposar-se a l&#8217;enviament de comunicacions comercials. En aquest cas pot revocar en qualsevol moment el seu consentiment a rebre aquestes notificacions.<br \/>\nLimitaci\u00f3 del tractament: En determinades circumst\u00e0ncies, els interessats podran sol\u00b7licitar la limitaci\u00f3 del tractament de les seves dades, i en aquest cas \u00fanicament es conservaran per a l&#8217;exercici o defensa de reclamacions.<br \/>\nPortabilitat de les dades: Les persones interessades poden sol\u00b7licitar rebre les dades que li incumbeixin i que ens hagi facilitat o que \u2013sempre que t\u00e8cnicament sigui possible\u2013 els hi enviem a un altre responsable de tractament de la seva elecci\u00f3, en un format estructurat d&#8217;\u00fas com\u00fa i lectura mec\u00e0nica.<br \/>\nDret a no ser objecte de decisions individuals automatitzades (inclosa l&#8217;elaboraci\u00f3 de perfils): Les persones interessades tenen dret a no ser objecte d&#8217;una decisi\u00f3 basada en el tractament automatitzat que produeixi efectes o afecti significativament.<br \/>\nPossibilitat de retirar el consentiment: L&#8217;interessat t\u00e9 dret a retirar en qualsevol moment el consentiment prestat, sense que aix\u00f2 afecti la licitud del tractament basat en el consentiment prestat en el moment de facilitar-nos les seves dades.<\/p>\n<p>Si desitja exercir algun dels drets exposats, preguem que es posi en contacte amb nosaltres a trav\u00e9s de les dades de contacte que apareixen en \u201cIdentificaci\u00f3 del Responsable del tractament de les dades personals\u201d, en el qual inclogui la seg\u00fcent informaci\u00f3:\u00a0 Nom i cognoms, n\u00famero de DNI, adre\u00e7a postal i electr\u00f2nica de contacte, indicant el tipus de dret i especificant les condicions d&#8217;aquest.<\/p>\n<p>Possibilitat de reclamar davant l&#8217;Autoritat de Control: GRUP DE DISTRIBUCI\u00d3 COSTA BRAVA SA l&#8217;informa igualment del dret que li assisteix de presentar una reclamaci\u00f3 davant l&#8217;Ag\u00e8ncia Espanyola de Protecci\u00f3 de Dades (www.agpd.es) si considera que el tractament no s&#8217;ajusta a la normativa vigent.<\/p>\n<p>INFORMACI\u00d3 ADDICIONAL<\/p>\n<p>Conservaci\u00f3 de determinades dades<\/p>\n<p>Caf\u00e9 Crem informa que, en compliment de les disposicions de la Llei 25\/2007, de 18 d&#8217;octubre, de conservaci\u00f3 de dades relatives a les comunicacions electr\u00f2niques i a les xarxes p\u00fabliques de comunicacions, haur\u00e0 de procedir a retenir i conservar determinades dades de tr\u00e0nsit generats durant el desenvolupament de les comunicacions amb la finalitat de cedir-los a les autoritats legitimades, quan concorrin les circumst\u00e0ncies legals en ella previstes.<\/p>\n<p>Dades registrades<\/p>\n<p>Els nostres servidors recopilen informaci\u00f3 de manera autom\u00e0tica quan l&#8217;usuari utilitza els serveis de les webs. Aquestes dades de registre poden incloure l&#8217;adre\u00e7a IP, la identificaci\u00f3 del dispositiu des del qual s&#8217;accedeix als productes, el sistema operatiu, la configuraci\u00f3 del dispositiu.<\/p>\n<p>Mesures de seguretat<\/p>\n<p>A m\u00e9s, es l&#8217;informa que GRUP DE DISTRIBUCI\u00d3 COSTA BRAVA SA t\u00e9 implantades les mesures de seguretat d&#8217;\u00edndole t\u00e8cnica i organitzatives necess\u00e0ries per a garantir la seguretat de les seves dades de car\u00e0cter personal i evitar la seva alteraci\u00f3, p\u00e8rdua i tractament i\/o acc\u00e9s no autoritzat, tenint en compte de l&#8217;estat de la tecnologia, la naturalesa de les dades emmagatzemades i els riscos al fet que estan exposats, ja provinguin de l&#8217;acci\u00f3 humana o del medi f\u00edsic o natural. Aix\u00ed mateix, s&#8217;ha establert mesures addicionals amb vista a refor\u00e7ar la confidencialitat i integritat de la informaci\u00f3 en la seva organitzaci\u00f3. Mantenint cont\u00ednuament la supervisi\u00f3, control i avaluaci\u00f3 dels processos per a assegurar el respecte a la privacitat de les dades.<\/p>\n<p>Cl\u00e0usula informativa LOPD i LSSI-CE<\/p>\n<p>De conformitat amb el que estableix la Llei org\u00e0nica 15\/1999, de 13 de desembre, de Protecci\u00f3 de Dades de Car\u00e0cter Personal, l&#8217;informem que les seves dades seran incorporades a un fitxer sota la responsabilitat de GRUP DE DISTRIBUCIO COSTA BRAVA SA amb la finalitat de poder atendre els compromisos derivats de la relaci\u00f3 que mantenim amb vost\u00e8.<\/p>\n<p>Pot exercir els seus drets d&#8217;acc\u00e9s, cancel\u00b7laci\u00f3, rectificaci\u00f3 i oposici\u00f3 mitjan\u00e7ant un escrit a la nostra adre\u00e7a: POL. IND. BOSC DE CAN CUCA C\/ TALLERS N\u00ba18 SILS 17410 GIRONA<\/p>\n<p>Mentre no ens comuniqui el contrari, entendrem que les seves dades no han estat modificats, que vost\u00e8 es compromet a notificar-nos qualsevol variaci\u00f3 i que comptem amb el seu consentiment per al tractament d&#8217;aquests.<\/p>\n<p>Aix\u00ed mateix i d&#8217;acord amb el que s&#8217;estableix en la Llei 34\/2002, d&#8217;11 de juliol, de Serveis de la Societat de la Informaci\u00f3 i de Comer\u00e7 Electr\u00f2nic, en el seu article 21, sol\u00b7licitem tamb\u00e9 el seu consentiment expr\u00e9s per a enviar-li publicitat dels nostres productes o promocions que considerem puguin ser del seu inter\u00e8s, per correu electr\u00f2nic o per qualsevol altre mitj\u00e0 de comunicaci\u00f3 electr\u00f2nica equivalent.<\/p>\n<p>\u25a1 He llegit i accepto rebre publicitat o informaci\u00f3 promocional de GRUP DE DISTRIBUCI\u00d3 COSTA BRAVA SA<\/p>\n<p>\u25a1 He llegit i no accepto rebre publicitat o informaci\u00f3 promocional de GRUP DE DISTRIBUCI\u00d3 COSTA BRAVA SA<\/p>\n<p>L&#8217;informem que podr\u00e0 revocar en qualsevol moment el consentiment prestat a la recepci\u00f3 de comunicacions comercials enviant un e-mail a l&#8217;adre\u00e7a de correu electr\u00f2nic info@cafecrem.com<\/p>\n<\/div>\n<\/div>\n<\/div><div class=\"fusion-clearfix\"><\/div><\/div><\/div><\/div><\/div>\n","protected":false},"excerpt":{"rendered":"","protected":false},"author":1,"featured_media":0,"parent":0,"menu_order":0,"comment_status":"closed","ping_status":"open","template":"","meta":[],"yoast_head":"<!-- This site is optimized with the Yoast SEO plugin v20.13 - https:\/\/yoast.com\/wordpress\/plugins\/seo\/ -->\n<title>Av\u00eds Legal - Caf\u00e9 Mieludo<\/title>\n<meta name=\"robots\" content=\"index, follow, max-snippet:-1, max-image-preview:large, max-video-preview:-1\" \/>\n<link rel=\"canonical\" href=\"https:\/\/www.mieludo.com\/ca\/avis-legal\/\" \/>\n<meta property=\"og:locale\" content=\"ca_ES\" \/>\n<meta property=\"og:type\" content=\"article\" \/>\n<meta property=\"og:title\" content=\"Av\u00eds Legal - Caf\u00e9 Mieludo\" \/>\n<meta property=\"og:url\" content=\"https:\/\/www.mieludo.com\/ca\/avis-legal\/\" \/>\n<meta property=\"og:site_name\" content=\"Caf\u00e9 Mieludo\" \/>\n<meta property=\"article:modified_time\" content=\"2020-03-05T11:40:03+00:00\" \/>\n<meta name=\"twitter:card\" content=\"summary_large_image\" \/>\n<meta name=\"twitter:label1\" content=\"Temps estimat de lectura\" \/>\n\t<meta name=\"twitter:data1\" content=\"19 minuts\" \/>\n<script type=\"application\/ld+json\" class=\"yoast-schema-graph\">{\"@context\":\"https:\/\/schema.org\",\"@graph\":[{\"@type\":\"WebPage\",\"@id\":\"https:\/\/www.mieludo.com\/ca\/avis-legal\/\",\"url\":\"https:\/\/www.mieludo.com\/ca\/avis-legal\/\",\"name\":\"Av\u00eds Legal - Caf\u00e9 Mieludo\",\"isPartOf\":{\"@id\":\"https:\/\/www.mieludo.com\/ca\/#website\"},\"datePublished\":\"2020-03-05T09:09:45+00:00\",\"dateModified\":\"2020-03-05T11:40:03+00:00\",\"breadcrumb\":{\"@id\":\"https:\/\/www.mieludo.com\/ca\/avis-legal\/#breadcrumb\"},\"inLanguage\":\"ca\",\"potentialAction\":[{\"@type\":\"ReadAction\",\"target\":[\"https:\/\/www.mieludo.com\/ca\/avis-legal\/\"]}]},{\"@type\":\"BreadcrumbList\",\"@id\":\"https:\/\/www.mieludo.com\/ca\/avis-legal\/#breadcrumb\",\"itemListElement\":[{\"@type\":\"ListItem\",\"position\":1,\"name\":\"Portada\",\"item\":\"https:\/\/www.mieludo.com\/ca\/\"},{\"@type\":\"ListItem\",\"position\":2,\"name\":\"Av\u00eds Legal\"}]},{\"@type\":\"WebSite\",\"@id\":\"https:\/\/www.mieludo.com\/ca\/#website\",\"url\":\"https:\/\/www.mieludo.com\/ca\/\",\"name\":\"Caf\u00e9 Mieludo\",\"description\":\"El caf\u00e9 \u00fanico en el mundo by Caf\u00e9 Crem\",\"potentialAction\":[{\"@type\":\"SearchAction\",\"target\":{\"@type\":\"EntryPoint\",\"urlTemplate\":\"https:\/\/www.mieludo.com\/ca\/?s={search_term_string}\"},\"query-input\":\"required name=search_term_string\"}],\"inLanguage\":\"ca\"}]}<\/script>\n<!-- \/ Yoast SEO plugin. -->","yoast_head_json":{"title":"Av\u00eds Legal - Caf\u00e9 Mieludo","robots":{"index":"index","follow":"follow","max-snippet":"max-snippet:-1","max-image-preview":"max-image-preview:large","max-video-preview":"max-video-preview:-1"},"canonical":"https:\/\/www.mieludo.com\/ca\/avis-legal\/","og_locale":"ca_ES","og_type":"article","og_title":"Av\u00eds Legal - Caf\u00e9 Mieludo","og_url":"https:\/\/www.mieludo.com\/ca\/avis-legal\/","og_site_name":"Caf\u00e9 Mieludo","article_modified_time":"2020-03-05T11:40:03+00:00","twitter_card":"summary_large_image","twitter_misc":{"Temps estimat de lectura":"19 minuts"},"schema":{"@context":"https:\/\/schema.org","@graph":[{"@type":"WebPage","@id":"https:\/\/www.mieludo.com\/ca\/avis-legal\/","url":"https:\/\/www.mieludo.com\/ca\/avis-legal\/","name":"Av\u00eds Legal - Caf\u00e9 Mieludo","isPartOf":{"@id":"https:\/\/www.mieludo.com\/ca\/#website"},"datePublished":"2020-03-05T09:09:45+00:00","dateModified":"2020-03-05T11:40:03+00:00","breadcrumb":{"@id":"https:\/\/www.mieludo.com\/ca\/avis-legal\/#breadcrumb"},"inLanguage":"ca","potentialAction":[{"@type":"ReadAction","target":["https:\/\/www.mieludo.com\/ca\/avis-legal\/"]}]},{"@type":"BreadcrumbList","@id":"https:\/\/www.mieludo.com\/ca\/avis-legal\/#breadcrumb","itemListElement":[{"@type":"ListItem","position":1,"name":"Portada","item":"https:\/\/www.mieludo.com\/ca\/"},{"@type":"ListItem","position":2,"name":"Av\u00eds Legal"}]},{"@type":"WebSite","@id":"https:\/\/www.mieludo.com\/ca\/#website","url":"https:\/\/www.mieludo.com\/ca\/","name":"Caf\u00e9 Mieludo","description":"El caf\u00e9 \u00fanico en el mundo by Caf\u00e9 Crem","potentialAction":[{"@type":"SearchAction","target":{"@type":"EntryPoint","urlTemplate":"https:\/\/www.mieludo.com\/ca\/?s={search_term_string}"},"query-input":"required name=search_term_string"}],"inLanguage":"ca"}]}},"_links":{"self":[{"href":"https:\/\/www.mieludo.com\/ca\/wp-json\/wp\/v2\/pages\/1451"}],"collection":[{"href":"https:\/\/www.mieludo.com\/ca\/wp-json\/wp\/v2\/pages"}],"about":[{"href":"https:\/\/www.mieludo.com\/ca\/wp-json\/wp\/v2\/types\/page"}],"author":[{"embeddable":true,"href":"https:\/\/www.mieludo.com\/ca\/wp-json\/wp\/v2\/users\/1"}],"replies":[{"embeddable":true,"href":"https:\/\/www.mieludo.com\/ca\/wp-json\/wp\/v2\/comments?post=1451"}],"version-history":[{"count":5,"href":"https:\/\/www.mieludo.com\/ca\/wp-json\/wp\/v2\/pages\/1451\/revisions"}],"predecessor-version":[{"id":1464,"href":"https:\/\/www.mieludo.com\/ca\/wp-json\/wp\/v2\/pages\/1451\/revisions\/1464"}],"wp:attachment":[{"href":"https:\/\/www.mieludo.com\/ca\/wp-json\/wp\/v2\/media?parent=1451"}],"curies":[{"name":"wp","href":"https:\/\/api.w.org\/{rel}","templated":true}]}}